{"id":1624,"date":"2022-08-26T20:27:23","date_gmt":"2022-08-26T20:27:23","guid":{"rendered":"https:\/\/granreproductor.cl\/?page_id=1624"},"modified":"2022-12-22T20:59:25","modified_gmt":"2022-12-22T20:59:25","slug":"historia-caballar","status":"publish","type":"page","link":"https:\/\/granreproductor.cl\/index.php\/historia-caballar\/","title":{"rendered":"Historia Caballar"},"content":{"rendered":"\t\t<div data-elementor-type=\"wp-page\" data-elementor-id=\"1624\" class=\"elementor elementor-1624\" data-elementor-post-type=\"page\">\n\t\t\t\t\t\t<section class=\"elementor-section elementor-top-section elementor-element elementor-element-3b0f663 elementor-section-boxed elementor-section-height-default elementor-section-height-default\" data-id=\"3b0f663\" data-element_type=\"section\" data-e-type=\"section\" data-settings=\"{&quot;jet_parallax_layout_list&quot;:[]}\">\n\t\t\t\t\t\t<div class=\"elementor-container elementor-column-gap-default\">\n\t\t\t\t\t<div class=\"elementor-column elementor-col-100 elementor-top-column elementor-element elementor-element-3de0c01\" data-id=\"3de0c01\" data-element_type=\"column\" data-e-type=\"column\">\n\t\t\t<div class=\"elementor-widget-wrap elementor-element-populated\">\n\t\t\t\t\t\t<div class=\"elementor-element elementor-element-76e5d8d elementor-widget elementor-widget-heading\" data-id=\"76e5d8d\" data-element_type=\"widget\" data-e-type=\"widget\" data-widget_type=\"heading.default\">\n\t\t\t\t<div class=\"elementor-widget-container\">\n\t\t\t\t\t<h2 class=\"elementor-heading-title elementor-size-default\">Inicios de la Raza Caballar Chilena\n<\/h2>\t\t\t\t<\/div>\n\t\t\t\t<\/div>\n\t\t\t\t<div class=\"elementor-element elementor-element-4b3e511 elementor-widget elementor-widget-text-editor\" data-id=\"4b3e511\" data-element_type=\"widget\" data-e-type=\"widget\" data-widget_type=\"text-editor.default\">\n\t\t\t\t<div class=\"elementor-widget-container\">\n\t\t\t\t\t\t\t\t\t<p>Sus inicios parten a principios del a\u00f1o 1540, con\u00a0 el conquistador\u00a0Pedro de Valdivia qui\u00e9n llega del Per\u00fa con 75 ejemplares, entre potros y yeguas.<\/p>\n<p>El a\u00f1o 1544 nuestro caballo se consolid\u00f3,\u00a0 debido al primer criadero del pa\u00eds a cargo del Primer Obispo que tuvo Chile, Don Rodrigo Gonz\u00e1lez Marmolejo, quien se estableci\u00f3 en los sectores de Melipilla y Quillota.<\/p>\n<p>En 1893, se inaugur\u00f3 oficialmente el registro del caballo chileno, convirti\u00e9ndose en el m\u00e1s antiguo del Continente.<\/p>\n<p>Actualmente, por Decreto Supremo N\u00b0 17 de fecha 26. ABR. 2011, esta raza de caballos se encuentra acu\u00f1ada en la\u00a0 Federaci\u00f3n de Criadores de Caballos de Raza Chilena, siendo la SNA (Sociedad Nacional de Agricultura) el ente registrador principal.<\/p>\t\t\t\t\t\t\t\t<\/div>\n\t\t\t\t<\/div>\n\t\t\t\t<div class=\"elementor-element elementor-element-21fa2fb elementor-widget elementor-widget-heading\" data-id=\"21fa2fb\" data-element_type=\"widget\" data-e-type=\"widget\" data-widget_type=\"heading.default\">\n\t\t\t\t<div class=\"elementor-widget-container\">\n\t\t\t\t\t<h2 class=\"elementor-heading-title elementor-size-default\">Grandes Criaderos del Caballo Chileno:\n\n<\/h2>\t\t\t\t<\/div>\n\t\t\t\t<\/div>\n\t\t\t\t<div class=\"elementor-element elementor-element-6589834 elementor-widget elementor-widget-text-editor\" data-id=\"6589834\" data-element_type=\"widget\" data-e-type=\"widget\" data-widget_type=\"text-editor.default\">\n\t\t\t\t<div class=\"elementor-widget-container\">\n\t\t\t\t\t\t\t\t\t<table width=\"692\">\n<tbody>\n<tr>\n<td width=\"152\">\n<p>Criadero<\/p>\n<\/td>\n<td width=\"540\">\n<p>Historia<\/p>\n<\/td>\n<\/tr>\n<tr>\n<td width=\"152\">\n<p>El Parral de\u00a0Do\u00f1ihue (Caballos Cu\u00e9vanos<\/p>\n<\/td>\n<td width=\"540\">\n<p>Don Pedro de las Cuevas y Guzm\u00e1n nacido en 1774, padre del linaje de los caballos cu\u00e9vanos. Destaca en su crianza el potro \u201cEl Caldeado\u201d, padre del \u00abBayo Le\u00f3n\u00bb nacido en 1858; \u00abEl Quebrado\u00bb, \u00abel m\u00e1s grande Jefe de la Raza de todos los tiempos\u00bb -bisabuelo del famoso \u00abAngamos I\u00bb-; el \u00abTraidor\u00bb -tatarabuelo del \u00abAfricano\u00bb-; las madres de \u00abGuante II\u00bb y \u00abCristal I\u00bb -bisabuelo de \u00abEstribillo.<\/p>\n<\/td>\n<\/tr>\n<tr>\n<td width=\"152\">\n<p>Criadero Aculeo<\/p>\n<\/td>\n<td width=\"540\">\n<p>Don Miguel Letelier, logra un soporte sangu\u00edneo de la raza, destacando el potro Bot\u00edn, la yegua Mezcla nacida en 1894 y adquiere al gran potro Angamos con 26 a\u00f1os. Sobresaliendo el potro Quebrado, por su descendencia, hijo de Cristal I y Franela, estuvo al borde de la castraci\u00f3n, hasta que lleg\u00f3 a manos de Don Dar\u00edo Pavez, donde se trasform\u00f3 en el m\u00e1s grande pilar de la Raza.<\/p>\n<\/td>\n<\/tr>\n<tr>\n<td width=\"152\">\n<p>Criadero\u00a0Las Camelias (Comunidad Dar\u00edo Pavez).<\/p>\n<\/td>\n<td width=\"540\">\n<p>Don Dar\u00edo Pavez Gaete, adquiere 8 yeguas a don Miguel Letelier, todas hijas de notables reproductores como \u00a8Alfil I\u00a8, \u00a8Angamos II\u00a8, entre otros. Destacando la adquisici\u00f3n del Gran potro Quebrado, que dio a \u00a8Estribillo\u00a8 c\u00f3mo su bisnieto m\u00e1s notable. Asimismo, al potro\u00a0 Pichanguero.<\/p>\n<\/td>\n<\/tr>\n<tr>\n<td width=\"152\">\n<p>El ultimo Gran Criadero\u00a0 \u201cSanta Isabel\u201d.<\/p>\n<\/td>\n<td width=\"540\">\n<p>Don\u00a0Agust\u00edn Edwards Ross,\u00a0adquiere al potro\u00a0Guante I, nacido en 1867.\u00a0 Destacan el potro R\u00edo Negro, Escorpi\u00f3n, Acero, Esc\u00e1ndalo y la gran yegua Qu\u00e9 Luna. Su gran legado, es la cantidad de campeonatos nacionales ganados y la creaci\u00f3n de la collera \u00edcona conformada por Eduardo Tamayo y Juan Carlos Loaiza.<\/p>\n<\/td>\n<\/tr>\n<\/tbody>\n<\/table>\t\t\t\t\t\t\t\t<\/div>\n\t\t\t\t<\/div>\n\t\t\t\t<div class=\"elementor-element elementor-element-2cb1130 elementor-widget elementor-widget-heading\" data-id=\"2cb1130\" data-element_type=\"widget\" data-e-type=\"widget\" data-widget_type=\"heading.default\">\n\t\t\t\t<div class=\"elementor-widget-container\">\n\t\t\t\t\t<h2 class=\"elementor-heading-title elementor-size-default\">Un Aporte a la Cultura y Crianza\n\n<\/h2>\t\t\t\t<\/div>\n\t\t\t\t<\/div>\n\t\t\t\t<div class=\"elementor-element elementor-element-f1ae653 elementor-widget elementor-widget-image\" data-id=\"f1ae653\" data-element_type=\"widget\" data-e-type=\"widget\" data-widget_type=\"image.default\">\n\t\t\t\t<div class=\"elementor-widget-container\">\n\t\t\t\t\t\t\t\t\t\t\t\t\t\t\t<img fetchpriority=\"high\" decoding=\"async\" width=\"1295\" height=\"724\" src=\"https:\/\/granreproductor.cl\/wp-content\/uploads\/2022\/12\/linea_1.jpg\" class=\"attachment-full size-full wp-image-2409\" alt=\"\" srcset=\"https:\/\/granreproductor.cl\/wp-content\/uploads\/2022\/12\/linea_1.jpg 1295w, https:\/\/granreproductor.cl\/wp-content\/uploads\/2022\/12\/linea_1-300x168.jpg 300w, https:\/\/granreproductor.cl\/wp-content\/uploads\/2022\/12\/linea_1-1024x572.jpg 1024w, https:\/\/granreproductor.cl\/wp-content\/uploads\/2022\/12\/linea_1-768x429.jpg 768w, https:\/\/granreproductor.cl\/wp-content\/uploads\/2022\/12\/linea_1-600x335.jpg 600w\" sizes=\"(max-width: 1295px) 100vw, 1295px\" \/>\t\t\t\t\t\t\t\t\t\t\t\t\t\t\t<\/div>\n\t\t\t\t<\/div>\n\t\t\t\t<div class=\"elementor-element elementor-element-1526141 elementor-widget-divider--view-line elementor-widget elementor-widget-divider\" data-id=\"1526141\" data-element_type=\"widget\" data-e-type=\"widget\" data-widget_type=\"divider.default\">\n\t\t\t\t<div class=\"elementor-widget-container\">\n\t\t\t\t\t\t\t<div class=\"elementor-divider\">\n\t\t\t<span class=\"elementor-divider-separator\">\n\t\t\t\t\t\t<\/span>\n\t\t<\/div>\n\t\t\t\t\t\t<\/div>\n\t\t\t\t<\/div>\n\t\t\t\t<div class=\"elementor-element elementor-element-eea1831 elementor-widget elementor-widget-image\" data-id=\"eea1831\" data-element_type=\"widget\" data-e-type=\"widget\" data-widget_type=\"image.default\">\n\t\t\t\t<div class=\"elementor-widget-container\">\n\t\t\t\t\t\t\t\t\t\t\t\t\t\t\t<img decoding=\"async\" width=\"1276\" height=\"671\" src=\"https:\/\/granreproductor.cl\/wp-content\/uploads\/2022\/12\/linea_2.jpg\" class=\"attachment-full size-full wp-image-2410\" alt=\"\" srcset=\"https:\/\/granreproductor.cl\/wp-content\/uploads\/2022\/12\/linea_2.jpg 1276w, https:\/\/granreproductor.cl\/wp-content\/uploads\/2022\/12\/linea_2-300x158.jpg 300w, https:\/\/granreproductor.cl\/wp-content\/uploads\/2022\/12\/linea_2-1024x538.jpg 1024w, https:\/\/granreproductor.cl\/wp-content\/uploads\/2022\/12\/linea_2-768x404.jpg 768w, https:\/\/granreproductor.cl\/wp-content\/uploads\/2022\/12\/linea_2-600x316.jpg 600w\" sizes=\"(max-width: 1276px) 100vw, 1276px\" \/>\t\t\t\t\t\t\t\t\t\t\t\t\t\t\t<\/div>\n\t\t\t\t<\/div>\n\t\t\t\t<div class=\"elementor-element elementor-element-246bc4b elementor-widget-divider--view-line elementor-widget elementor-widget-divider\" data-id=\"246bc4b\" data-element_type=\"widget\" data-e-type=\"widget\" data-widget_type=\"divider.default\">\n\t\t\t\t<div class=\"elementor-widget-container\">\n\t\t\t\t\t\t\t<div class=\"elementor-divider\">\n\t\t\t<span class=\"elementor-divider-separator\">\n\t\t\t\t\t\t<\/span>\n\t\t<\/div>\n\t\t\t\t\t\t<\/div>\n\t\t\t\t<\/div>\n\t\t\t\t<div class=\"elementor-element elementor-element-8849c8a elementor-widget elementor-widget-image\" data-id=\"8849c8a\" data-element_type=\"widget\" data-e-type=\"widget\" data-widget_type=\"image.default\">\n\t\t\t\t<div class=\"elementor-widget-container\">\n\t\t\t\t\t\t\t\t\t\t\t\t\t\t\t<img decoding=\"async\" width=\"1255\" height=\"641\" src=\"https:\/\/granreproductor.cl\/wp-content\/uploads\/2022\/12\/linea_3.jpg\" class=\"attachment-full size-full wp-image-2411\" alt=\"\" srcset=\"https:\/\/granreproductor.cl\/wp-content\/uploads\/2022\/12\/linea_3.jpg 1255w, https:\/\/granreproductor.cl\/wp-content\/uploads\/2022\/12\/linea_3-300x153.jpg 300w, https:\/\/granreproductor.cl\/wp-content\/uploads\/2022\/12\/linea_3-1024x523.jpg 1024w, https:\/\/granreproductor.cl\/wp-content\/uploads\/2022\/12\/linea_3-768x392.jpg 768w, https:\/\/granreproductor.cl\/wp-content\/uploads\/2022\/12\/linea_3-600x306.jpg 600w\" sizes=\"(max-width: 1255px) 100vw, 1255px\" \/>\t\t\t\t\t\t\t\t\t\t\t\t\t\t\t<\/div>\n\t\t\t\t<\/div>\n\t\t\t\t<div class=\"elementor-element elementor-element-1cf12c0 elementor-widget-divider--view-line elementor-widget elementor-widget-divider\" data-id=\"1cf12c0\" data-element_type=\"widget\" data-e-type=\"widget\" data-widget_type=\"divider.default\">\n\t\t\t\t<div class=\"elementor-widget-container\">\n\t\t\t\t\t\t\t<div class=\"elementor-divider\">\n\t\t\t<span class=\"elementor-divider-separator\">\n\t\t\t\t\t\t<\/span>\n\t\t<\/div>\n\t\t\t\t\t\t<\/div>\n\t\t\t\t<\/div>\n\t\t\t\t<div class=\"elementor-element elementor-element-43694e5 elementor-widget elementor-widget-image\" data-id=\"43694e5\" data-element_type=\"widget\" data-e-type=\"widget\" data-widget_type=\"image.default\">\n\t\t\t\t<div class=\"elementor-widget-container\">\n\t\t\t\t\t\t\t\t\t\t\t\t\t\t\t<img loading=\"lazy\" decoding=\"async\" width=\"1249\" height=\"668\" src=\"https:\/\/granreproductor.cl\/wp-content\/uploads\/2022\/12\/linea_4.jpg\" class=\"attachment-full size-full wp-image-2412\" alt=\"\" srcset=\"https:\/\/granreproductor.cl\/wp-content\/uploads\/2022\/12\/linea_4.jpg 1249w, https:\/\/granreproductor.cl\/wp-content\/uploads\/2022\/12\/linea_4-300x160.jpg 300w, https:\/\/granreproductor.cl\/wp-content\/uploads\/2022\/12\/linea_4-1024x548.jpg 1024w, https:\/\/granreproductor.cl\/wp-content\/uploads\/2022\/12\/linea_4-768x411.jpg 768w, https:\/\/granreproductor.cl\/wp-content\/uploads\/2022\/12\/linea_4-600x321.jpg 600w\" sizes=\"(max-width: 1249px) 100vw, 1249px\" \/>\t\t\t\t\t\t\t\t\t\t\t\t\t\t\t<\/div>\n\t\t\t\t<\/div>\n\t\t\t\t\t<\/div>\n\t\t<\/div>\n\t\t\t\t\t<\/div>\n\t\t<\/section>\n\t\t\t\t<section class=\"elementor-section elementor-top-section elementor-element elementor-element-5a1d702 elementor-hidden-desktop elementor-hidden-tablet elementor-hidden-mobile elementor-section-boxed elementor-section-height-default elementor-section-height-default\" data-id=\"5a1d702\" data-element_type=\"section\" data-e-type=\"section\" data-settings=\"{&quot;jet_parallax_layout_list&quot;:[]}\">\n\t\t\t\t\t\t<div class=\"elementor-container elementor-column-gap-default\">\n\t\t\t\t\t<div class=\"elementor-column elementor-col-100 elementor-top-column elementor-element elementor-element-47423ae4\" data-id=\"47423ae4\" data-element_type=\"column\" data-e-type=\"column\">\n\t\t\t<div class=\"elementor-widget-wrap elementor-element-populated\">\n\t\t\t\t\t\t<div class=\"elementor-element elementor-element-20800101 elementor-widget elementor-widget-text-editor\" data-id=\"20800101\" data-element_type=\"widget\" data-e-type=\"widget\" data-widget_type=\"text-editor.default\">\n\t\t\t\t<div class=\"elementor-widget-container\">\n\t\t\t\t\t\t\t\t\t\n<h2 class=\"wp-block-heading\">Inicios del Caballo Chileno<\/h2>\n\n<figure class=\"wp-block-image alignleft size-full is-resized\"><img loading=\"lazy\" decoding=\"async\" class=\"alignnone wp-image-2048\" src=\"https:\/\/granreproductor.cl\/wp-content\/uploads\/2022\/10\/historia_1.png\" alt=\"\" width=\"207\" height=\"273\" srcset=\"https:\/\/granreproductor.cl\/wp-content\/uploads\/2022\/10\/historia_1.png 371w, https:\/\/granreproductor.cl\/wp-content\/uploads\/2022\/10\/historia_1-228x300.png 228w, https:\/\/granreproductor.cl\/wp-content\/uploads\/2022\/10\/historia_1-300x395.png 300w\" sizes=\"(max-width: 207px) 100vw, 207px\" \/><\/figure>\n\n<p>Los inicios del caballo chileno parten a principios del a\u00f1o 1540, cuando el conquistador\u00a0Pedro de Valdivia llega desde el\u00a0Virreinato del Per\u00fa con 75 ejemplares,\u200b entre potros y yeguas.\u200b Tres a\u00f1os m\u00e1s tarde,\u00a0Alonso Monroy ingres\u00f3 70 animales, \u200b los que se incrementaron con cuatro env\u00edos m\u00e1s, desde el Cuzco-Per\u00fa, logrando en unos pocos a\u00f1os una masa caballar de alrededor de 500 equinos, poblaci\u00f3n que fue mejorada con la introducci\u00f3n de 42 reproductores seleccionados de propiedad del gobernador Garc\u00eda Hurtado de Mendoza.<\/p>\n\n<p>El a\u00f1o 1544 nuestro caballo se consolid\u00f3 en el territorio, \u00a0debido al primer criadero del pa\u00eds a cargo del sacerdote\u00a0Rodrigo Gonz\u00e1lez Marmolejo,\u200b quien con sus propias yeguas seleccionadas estableci\u00f3 su crianza en los sectores de\u00a0Melipilla y Quillota.<\/p>\n\n<p>Luego, a mediados de la d\u00e9cada de 1550, los guerreros Araucanos incorporaron al caballo, logrando que los jinetes ind\u00edgenas llegaran ser expertos, superando en muchos casos a los conquistadores espa\u00f1oles. Al transcurrir, m\u00e1s de un siglo incluyendo las etapas de la Independencia, la crianza del caballo chileno recay\u00f3 en el criadero que Pedro de las Cuevas y Guzm\u00e1n, surgiendo con fuerza la raza \u00abcuevana\u00bb, que se transform\u00f3 en referente nacional y continental, y que origin\u00f3 los m\u00e1s importantes criaderos de fines del siglo xix en la zona central de Chile.En 1820 nuestro caballo chileno comenz\u00f3 a definirseen tres tipos que se basan en sus usos: el de lujo o de paseo, constituido por ejemplares de contextura gruesa y abultada; el de paso o viajero, que era un caballo de pechos algo m\u00e1s angostos, cruz baja y muy andador; y el de marcha o trote, utilizado para faenas agr\u00edcolas y en gran medida por el Ej\u00e9rcito de Chile.<\/p>\n\n<figure class=\"wp-block-image alignright size-full is-resized\"><img loading=\"lazy\" decoding=\"async\" class=\"alignright wp-image-2049 size-medium\" src=\"https:\/\/granreproductor.cl\/wp-content\/uploads\/2022\/10\/historia_2-266x300.png\" alt=\"\" width=\"266\" height=\"300\" srcset=\"https:\/\/granreproductor.cl\/wp-content\/uploads\/2022\/10\/historia_2-266x300.png 266w, https:\/\/granreproductor.cl\/wp-content\/uploads\/2022\/10\/historia_2-300x338.png 300w, https:\/\/granreproductor.cl\/wp-content\/uploads\/2022\/10\/historia_2.png 461w\" sizes=\"(max-width: 266px) 100vw, 266px\" \/>\n<figcaption><sub><strong>ILUSTR\u00cdSIMO SE\u00d1OR DOCTOR DON RODRIGO GONZALES DE MARMOLEJO <\/strong>1er Obispo Santiago- Chile<\/sub><\/figcaption>\n<\/figure>\n\n<p>En 1893, se inaugur\u00f3 oficialmente el registro del caballo chileno, hito que en am\u00e9rica no exist\u00eda en Am\u00e9rica, convirtiendo a este registro, como el m\u00e1s antiguo en el continente americano, y tercer registro m\u00e1s antiguo en todo el\u00a0hemisferio occidental.\u200b Entre 1893 y 1900, se logr\u00f3 inscribir un total de 262 ejemplares.<\/p>\n\n<p>Actualmente, por decreto supremo esta raza de caballos est\u00e1 a cargo de la\u00a0 Federaci\u00f3n de Criadores de Caballos de Raza Chilena, entidad que regula la correcta inscripci\u00f3n de los caballos chilenos, siendo la SNA (Sociedad Nacional de Agricultura) el ente registrador principal.<\/p>\n\n<h2 class=\"wp-block-heading\">Grandes Criaderos del Caballo Chileno:<\/h2>\n\n<h4 class=\"wp-block-heading\">1er Criadero en Melipilla.<\/h4>\n\n<p>La Cuna del caballo chileno, nace con el 1er Obispo en Chile en 1545, Don Rodrigo Gonz\u00e1lez de Marmolejo, qui\u00e9n\u00a0 inici\u00f3 por encargo de la Corona Espa\u00f1ola una crianza de caballos que posteriormente deriv\u00f3 posteriormente en la raza chilena.<\/p>\n\n<h4 class=\"wp-block-heading\">El Parral de\u00a0Do\u00f1ihue (Caballos Cu\u00e9vanos).<\/h4>\n\n<p>Don Pedro de las Cuevas y Guzm\u00e1n nacido en 1774 y due\u00f1o de uno de los criaderos m\u00e1s famosos y trascendentales de la historia de la raza chilena, acu\u00f1ando el linaje de los caballos cu\u00e9vanos, en los que destacan el c\u00e9lebre potro \u201cEl Caldeado\u201d, que nace alrededor de 1840, teniendo la categor\u00eda de ser el potro criollo &#8216;conocido&#8217; m\u00e1s antiguo de Sudam\u00e9rica\u00bb y padre del \u00abBayo Le\u00f3n\u00bb (nacido en 1858); \u00abEl Quebrado\u00bb, \u00abel m\u00e1s grande Jefe de la Raza de todos los tiempos\u00bb -bisabuelo del famoso \u00abAngamos I\u00bb-; el \u00abTraidor\u00bb -tatarabuelo del \u00abAfricano\u00bb-; las madres de \u00abGuante II\u00bb y \u00abCristal I\u00bb -bisabuelo de \u00abEstribillo\u00bb y \u00abTaco\u00bb, en otros, es decir este criadero sostiene nuestra raza caballar.<\/p>\n\n<h4 class=\"wp-block-heading\">Criadero Aculeo<\/h4>\n\n<p>Este criadero tuvo una existencia desde 1861 a 1936, al mando de Don Miguel Letelier, que\u00a0 inicialmente lo constituy\u00f3 con caballos de Pichiculen, logrando a trav\u00e9s del tiempo un soporte de sangu\u00edneo a la raza chilena, donde destacan una gran cantidad de potros como el mulato Bot\u00edn, la yegua Mezcla nacida en 1894 que es considerada como el pilar de la raza. Asimismo adquiere al gran potro Angamos tuvo con 26 a\u00f1os, sangre que actualmente es la m\u00e1s reproducida y el m\u00e1s destacado es el potro Quebrado, por su descendencia, hijo de Cristal I y Franela, su historia comienza como un potrillo que no deslumbra por belleza, logr\u00f3 en sy madurez una alzada de 1.36 metros, e inclusive estuvo al borde de la castraci\u00f3n, hasta que llego a manos de Don Dar\u00edo Pavez, donde se trasform\u00f3 en el m\u00e1s grande pilar de la Raza.<\/p>\n\n<h4 class=\"wp-block-heading\">Criadero\u00a0Las Camelias (Comunidad Dar\u00edo Pavez).<\/h4>\n\n<p>Este Criadero\u00a0 nace entre los a\u00f1os 1922 y 1923 gracias a la pasi\u00f3n por el Caballo Chileno de don Dar\u00edo Pavez Gaete, quien adquiere 8 yeguas chilenas inscritas de don Miguel Letelier, todas hijas de notables reproductores como \u00a8Alfil I\u00a8, \u00a8Angamos II\u00a8, entre otros. Destacando la adquisici\u00f3n del Gran potro Quebrado, llevando este caballo a las Camelias a premiar muchas veces, como tambi\u00e9n poseer un poder transmisor de sangre, considerado actualmente como un potro base, que dio a \u00a8Estribillo\u00a8 c\u00f3mo su bisnieto m\u00e1s notable. Asimismo, otro potro destacado es Pichanguero, que tiene la l\u00ednea de Quebrado y 4 veces alcanz\u00f3 al Nacional, logrando coronarse en 1951.<\/p>\n\n<h4 class=\"wp-block-heading\">Criadero Santa Isabel.<\/h4>\n\n<p>Este Criadero nace en 1882, donde su due\u00f1o\u00a0Agust\u00edn Edwards Ross\u00a0adquiere el reproductor\u00a0Guante I, potro nacido en 1867, originario o de la Hacienda Aculeo. Sus reproductores que destacan es potro R\u00edo Negro e hijos de Estribillo como\u00a0 tambi\u00e9n el Campe\u00f3n de Chile\u00a0Escorpi\u00f3n\u00a0y su hijo Acero, por otro lado al Vicecampe\u00f3n\u00a0Esc\u00e1ndalo, al \u00faltimo hijo del Taco en combinaci\u00f3n con la yegua Qu\u00e9 Luna, el famoso\u00a0Talento,\u00a0que fuera tres veces Campe\u00f3n de Chile y su hijo Galanteo. Sin embargo, su gran legado es la cantidad de campeonatos nacionales ganados, con la collera \u00edcono conformada por Eduardo Tamayo y Juan Carlos Loaiza.<\/p>\n\t\t\t\t\t\t\t\t<\/div>\n\t\t\t\t<\/div>\n\t\t\t\t\t<\/div>\n\t\t<\/div>\n\t\t\t\t\t<\/div>\n\t\t<\/section>\n\t\t\t\t<\/div>\n\t\t","protected":false},"excerpt":{"rendered":"<p>Inicios de la Raza Caballar Chilena Sus inicios parten a principios del a\u00f1o 1540, con\u00a0 el conquistador\u00a0Pedro de Valdivia qui\u00e9n llega del Per\u00fa con 75 ejemplares, entre potros y yeguas. El a\u00f1o 1544 nuestro caballo se consolid\u00f3,\u00a0 debido al primer criadero del pa\u00eds a cargo del Primer Obispo que tuvo Chile, Don Rodrigo Gonz\u00e1lez Marmolejo, [&hellip;]<\/p>\n","protected":false},"author":1,"featured_media":2253,"parent":0,"menu_order":0,"comment_status":"closed","ping_status":"closed","template":"","meta":{"footnotes":""},"class_list":["post-1624","page","type-page","status-publish","has-post-thumbnail","hentry"],"_links":{"self":[{"href":"https:\/\/granreproductor.cl\/index.php\/wp-json\/wp\/v2\/pages\/1624","targetHints":{"allow":["GET"]}}],"collection":[{"href":"https:\/\/granreproductor.cl\/index.php\/wp-json\/wp\/v2\/pages"}],"about":[{"href":"https:\/\/granreproductor.cl\/index.php\/wp-json\/wp\/v2\/types\/page"}],"author":[{"embeddable":true,"href":"https:\/\/granreproductor.cl\/index.php\/wp-json\/wp\/v2\/users\/1"}],"replies":[{"embeddable":true,"href":"https:\/\/granreproductor.cl\/index.php\/wp-json\/wp\/v2\/comments?post=1624"}],"version-history":[{"count":31,"href":"https:\/\/granreproductor.cl\/index.php\/wp-json\/wp\/v2\/pages\/1624\/revisions"}],"predecessor-version":[{"id":2415,"href":"https:\/\/granreproductor.cl\/index.php\/wp-json\/wp\/v2\/pages\/1624\/revisions\/2415"}],"wp:featuredmedia":[{"embeddable":true,"href":"https:\/\/granreproductor.cl\/index.php\/wp-json\/wp\/v2\/media\/2253"}],"wp:attachment":[{"href":"https:\/\/granreproductor.cl\/index.php\/wp-json\/wp\/v2\/media?parent=1624"}],"curies":[{"name":"wp","href":"https:\/\/api.w.org\/{rel}","templated":true}]}}